{"id":51,"date":"2023-02-02T18:26:10","date_gmt":"2023-02-02T17:26:10","guid":{"rendered":"https:\/\/conscolonia.esteri.it\/?page_id=51"},"modified":"2023-02-02T18:27:50","modified_gmt":"2023-02-02T17:27:50","slug":"dal_consolato","status":"publish","type":"page","link":"https:\/\/conscolonia.esteri.it\/it\/news\/dal_consolato\/","title":{"rendered":"Dal Consolato"},"content":{"rendered":"        <div class=\"row\">\n\t\t\t<!-- Ricerca sedi post -->\n\t\t\t<div class=\"col-12 mt-4\">\n\t\t\t  <div class=\"callout callout-highlight note ricerca-esteri p-4\">\n                    <div class=\"callout-title\">\n                        <svg class=\"icon\">\n                            <use xlink:href=\"https:\/\/conscolonia.esteri.it\/wp-content\/themes\/sedi-tema\/assets\/svg\/sprites.svg#it-search\"><\/use>\n                        <\/svg>Inserisci i parametri di ricerca                    <\/div>\n                    <form id=\"searchFormPost\" name=\"form-search-post\" class=\"form-row align-items-center\" action=\"https:\/\/conscolonia.esteri.it\/it\/wp-json\/wp\/v2\/pages\/51\/\" method=\"GET\"> \n                        <!-- <div class=\"form-group pt-5\"> -->\n                            <!-- <input type=\"hidden\" id=\"lang\" name=\"lang\" value=\"\"> --> <!-- <\/div> -->\n\n                        <div class=\"it-datepicker-wrapper\">\n                            <div class=\"row\">\n                                <div class=\"form-group col-md-6\">\n                                    <label class=\"active\" for=\"date-init\">Dal<\/label>\n                                    <input class=\"form-control\" name=\"date-init\" id=\"date-init\" type=\"date\" placeholder=\"gg\/mm\/aaaa\" value=\"\"lang=\"en-EN\">  \n                                <\/div>\n                                <div class=\"form-group col-md-6\">\n                                    <label class=\"active\" for=\"date-end\">Al<\/label>\n                                    <input class=\"form-control\" name=\"date-end\" id=\"date-end\" type=\"date\" placeholder=\"gg\/mm\/aaaa\" value=\"\">\n                                <\/div>\n                            <\/div>\n                        <\/div>\n                        <div class=\"form-group col-md-12 mt-3\">\n                            <label for=\"searchText\">Campo ricerca libera<\/label>\n                            <input type=\"text\" name=\"searchText\" class=\"form-control\" id=\"searchText\" value=\"\">\n                        <\/div>\n                        <div class=\"form-group col-md-4 offset-md-8 text-end\">\n                            <a href=\"https:\/\/conscolonia.esteri.it\/it\/news\/dal_consolato\/\" title=\"Form reset\" id=\"resetImput\" class=\"btn btn-outline-primary btn-xs\">Reset<\/a>\n                            <button type=\"submit\" class=\"btn btn-primary btn-xs\">Mostra risultati<\/button>\n                        <\/div>\n                    <\/form>\n\t\t\t\t<\/div>\n\t\t\t<\/div>\n\t\t<\/div>\n                    \n            <div class=\"row\">\n                            <div class=\"col-12 mt-3\">\n                <!--start card-->\n                <div class=\"card-wrapper card-space\">\n                    <div class=\"card card-bg card-big border-bottom-card\">\n                        <div class=\"card-body \">\n                                                        <div class=\"category-top\">\n                                                                                                            <span class=\"\">\n                                        <svg class=\"icon icon-secondary\">\n                                            <use xlink:href=\"https:\/\/conscolonia.esteri.it\/wp-content\/themes\/sedi-tema\/assets\/svg\/sprites.svg#it-calendar\"><\/use>\n                                        <\/svg> 14 Agosto 2026                                    <\/span>\n                                                                    <\/div>\n                            <h5 class=\"card-title big-heading text-uppercase\"><a class=\"text-body text-decoration-none\" href=\"https:\/\/conscolonia.esteri.it\/it\/news\/dal_consolato\/2026\/08\/elezioni-rinnovo-dei-comitati-degli-italiani-allestero-com-it-es\/\" title=\"ELEZIONI DEI COMITES 2026 &#8211; Rinnovo dei Comitati degli Italiani all&#8217;Estero (Com.It.Es)\">ELEZIONI DEI COMITES 2026 &#8211; Rinnovo dei Comitati degli Italiani all&#8217;Estero (Com.It.Es)<\/a><\/h5>\n                            <p class=\"card-text\">Nel 2026 avranno luogo le elezioni per il\u00a0 rinnovo dei Comitati degli Italiani all\u2019Estero (Com.It.Es). I #Com.It.Es &#8211;\u00a0 Cosa sono? I Com.It.Es. sono organismi che rappresentano i connazionali all\u2019estero nei rapporti con Ambasciate e Consolati e ne favoriscono l\u2019integrazione. Hanno inoltre il compito di preservare la memoria storica dell\u2019emigrazione italiana e valorizzare il contributo italiano [&hellip;]<\/p>\n                                <a title=\"ELEZIONI DEI COMITES 2026 &#8211; Rinnovo dei Comitati degli Italiani all&#8217;Estero (Com.It.Es)\" class=\"read-more\" href=\"https:\/\/conscolonia.esteri.it\/it\/news\/dal_consolato\/2026\/08\/elezioni-rinnovo-dei-comitati-degli-italiani-allestero-com-it-es\/\">\n                                    <span class=\"text\">Leggi di pi\u00f9<\/span>\n                                    <svg class=\"icon\">\n                                    <use xlink:href=\"https:\/\/conscolonia.esteri.it\/wp-content\/themes\/sedi-tema\/assets\/svg\/sprites.svg#it-arrow-right\"><\/use>\n                                    <\/svg>\n                                <\/a>\n                                                    <\/div>\n                    <\/div>\n                <\/div>\n                <!--end card-->\n                <\/div><!-- col-12 .mt-3-->\n                            <div class=\"col-12 mt-3\">\n                <!--start card-->\n                <div class=\"card-wrapper card-space\">\n                    <div class=\"card card-bg card-big border-bottom-card\">\n                        <div class=\"card-body \">\n                                                        <div class=\"category-top\">\n                                                                                                            <span class=\"\">\n                                        <svg class=\"icon icon-secondary\">\n                                            <use xlink:href=\"https:\/\/conscolonia.esteri.it\/wp-content\/themes\/sedi-tema\/assets\/svg\/sprites.svg#it-calendar\"><\/use>\n                                        <\/svg> 14 Agosto 2026                                    <\/span>\n                                                                    <\/div>\n                            <h5 class=\"card-title big-heading text-uppercase\"><a class=\"text-body text-decoration-none\" href=\"https:\/\/conscolonia.esteri.it\/it\/news\/dal_consolato\/2026\/08\/elezioni-comites-2026-aggiornamenti\/\" title=\"ELEZIONI DEI COMITES 2026 &#8211; Aggiornamenti del 14 agosto 2026\">ELEZIONI DEI COMITES 2026 &#8211; Aggiornamenti del 14 agosto 2026<\/a><\/h5>\n                            <p class=\"card-text\">Venerd\u00ec, 14 agosto 2026 &#8211; Il\u00a04 dicembre 2026\u00a0avranno luogo le elezioni per il rinnovo dei Comitati degli Italiani all\u2019Estero (Com.It.Es.). Ai sensi dell\u2019art. 15 della Legge 286\/2003, il 3 settembre 2026\u00a0il Console Generale indice i comizi elettorali con proprio decreto. Ai sensi dell\u2019art. 14 del DPR 395\/2003, le liste possono essere presentate all\u2019Ufficio elettorale istituito [&hellip;]<\/p>\n                                <a title=\"ELEZIONI DEI COMITES 2026 &#8211; Aggiornamenti del 14 agosto 2026\" class=\"read-more\" href=\"https:\/\/conscolonia.esteri.it\/it\/news\/dal_consolato\/2026\/08\/elezioni-comites-2026-aggiornamenti\/\">\n                                    <span class=\"text\">Leggi di pi\u00f9<\/span>\n                                    <svg class=\"icon\">\n                                    <use xlink:href=\"https:\/\/conscolonia.esteri.it\/wp-content\/themes\/sedi-tema\/assets\/svg\/sprites.svg#it-arrow-right\"><\/use>\n                                    <\/svg>\n                                <\/a>\n                                                    <\/div>\n                    <\/div>\n                <\/div>\n                <!--end card-->\n                <\/div><!-- col-12 .mt-3-->\n                            <div class=\"col-12 mt-3\">\n                <!--start card-->\n                <div class=\"card-wrapper card-space\">\n                    <div class=\"card card-bg card-big border-bottom-card\">\n                        <div class=\"card-body \">\n                                                        <div class=\"category-top\">\n                                                                                                            <span class=\"\">\n                                        <svg class=\"icon icon-secondary\">\n                                            <use xlink:href=\"https:\/\/conscolonia.esteri.it\/wp-content\/themes\/sedi-tema\/assets\/svg\/sprites.svg#it-calendar\"><\/use>\n                                        <\/svg> 28 Luglio 2026                                    <\/span>\n                                                                    <\/div>\n                            <h5 class=\"card-title big-heading text-uppercase\"><a class=\"text-body text-decoration-none\" href=\"https:\/\/conscolonia.esteri.it\/it\/news\/dal_consolato\/2026\/07\/canale-prioritario-per-il-rilascio-delle-cie-dedicato-ai-connazionali-con-piu-di-70-anni\/\" title=\"CANALE PRIORITARIO per il rilascio delle CIE dedicato ai connazionali con pi\u00f9 di 70 anni\">CANALE PRIORITARIO per il rilascio delle CIE dedicato ai connazionali con pi\u00f9 di 70 anni<\/a><\/h5>\n                            <p class=\"card-text\">I connazionali che hanno superato i 70 anni di et\u00e0, sprovvisti di un documento in corso di validit\u00e0 o in scadenza, potranno venire in Consolato senza appuntamento, tutte le mattine dalle ore 09:30 alle ore 12:30, per l\u2019emissione della carta d\u2019identit\u00e0 elettronica (CIE). Il personale del Consolato \u00e8 a loro disposizione per ricevere direttamente allo [&hellip;]<\/p>\n                                <a title=\"CANALE PRIORITARIO per il rilascio delle CIE dedicato ai connazionali con pi\u00f9 di 70 anni\" class=\"read-more\" href=\"https:\/\/conscolonia.esteri.it\/it\/news\/dal_consolato\/2026\/07\/canale-prioritario-per-il-rilascio-delle-cie-dedicato-ai-connazionali-con-piu-di-70-anni\/\">\n                                    <span class=\"text\">Leggi di pi\u00f9<\/span>\n                                    <svg class=\"icon\">\n                                    <use xlink:href=\"https:\/\/conscolonia.esteri.it\/wp-content\/themes\/sedi-tema\/assets\/svg\/sprites.svg#it-arrow-right\"><\/use>\n                                    <\/svg>\n                                <\/a>\n                                                    <\/div>\n                    <\/div>\n                <\/div>\n                <!--end card-->\n                <\/div><!-- col-12 .mt-3-->\n                            <div class=\"col-12 mt-3\">\n                <!--start card-->\n                <div class=\"card-wrapper card-space\">\n                    <div class=\"card card-bg card-big border-bottom-card\">\n                        <div class=\"card-body \">\n                                                        <div class=\"category-top\">\n                                                                                                            <span class=\"\">\n                                        <svg class=\"icon icon-secondary\">\n                                            <use xlink:href=\"https:\/\/conscolonia.esteri.it\/wp-content\/themes\/sedi-tema\/assets\/svg\/sprites.svg#it-calendar\"><\/use>\n                                        <\/svg> 28 Luglio 2026                                    <\/span>\n                                                                    <\/div>\n                            <h5 class=\"card-title big-heading text-uppercase\"><a class=\"text-body text-decoration-none\" href=\"https:\/\/conscolonia.esteri.it\/it\/news\/dal_consolato\/2026\/07\/apertura-canale-prioritario-per-la-sostituzione-delle-carte-didentita-cartacee\/\" title=\"APERTURA CANALE PRIORITARIO &#8211; Per la sostituzione delle carte d\u2019identit\u00e0 cartacee\">APERTURA CANALE PRIORITARIO &#8211; Per la sostituzione delle carte d\u2019identit\u00e0 cartacee<\/a><\/h5>\n                            <p class=\"card-text\">20 aprile 2026 &#8211; Si informa che sul Portale \u201cPrenot@Mi\u201d\u00a0\u00e8 stato attivato un nuovo\u00a0CANALE PRIORITARIO\u00a0dedicato ai connazionali che devono ancora\u00a0sostituire\u00a0la carta di identit\u00e0 cartacea\u00a0con la Carta di Identit\u00e0 Elettronica (CIE). Attraverso questo\u00a0servizio\u00a0\u00e8 possibile prenotare un appuntamento esclusivamente per i connazionali che possiedono la carta di identit\u00e0 cartacea\u00a0come unico documento di riconoscimento\u00a0e che devono provvedere alla [&hellip;]<\/p>\n                                <a title=\"APERTURA CANALE PRIORITARIO &#8211; Per la sostituzione delle carte d\u2019identit\u00e0 cartacee\" class=\"read-more\" href=\"https:\/\/conscolonia.esteri.it\/it\/news\/dal_consolato\/2026\/07\/apertura-canale-prioritario-per-la-sostituzione-delle-carte-didentita-cartacee\/\">\n                                    <span class=\"text\">Leggi di pi\u00f9<\/span>\n                                    <svg class=\"icon\">\n                                    <use xlink:href=\"https:\/\/conscolonia.esteri.it\/wp-content\/themes\/sedi-tema\/assets\/svg\/sprites.svg#it-arrow-right\"><\/use>\n                                    <\/svg>\n                                <\/a>\n                                                    <\/div>\n                    <\/div>\n                <\/div>\n                <!--end card-->\n                <\/div><!-- col-12 .mt-3-->\n                            <div class=\"col-12 mt-3\">\n                <!--start card-->\n                <div class=\"card-wrapper card-space\">\n                    <div class=\"card card-bg card-big border-bottom-card\">\n                        <div class=\"card-body \">\n                                                        <div class=\"category-top\">\n                                                                                                            <span class=\"\">\n                                        <svg class=\"icon icon-secondary\">\n                                            <use xlink:href=\"https:\/\/conscolonia.esteri.it\/wp-content\/themes\/sedi-tema\/assets\/svg\/sprites.svg#it-calendar\"><\/use>\n                                        <\/svg> 23 Luglio 2026                                    <\/span>\n                                                                    <\/div>\n                            <h5 class=\"card-title big-heading text-uppercase\"><a class=\"text-body text-decoration-none\" href=\"https:\/\/conscolonia.esteri.it\/it\/news\/dal_consolato\/2026\/07\/ricevimento-destate-per-il-corpo-consolare-del-nordreno-vestfalia-il-ministro-presidente-del-land-hendrik-wust-ha-ricevuto-il-corpo-consolare-del-land-nordreno-vestfalia\/\" title=\"RICEVIMENTO D&#8217;ESTATE PER IL CORPO CONSOLARE DEL NORDRENO-VESTFALIA &#8211; Il Ministro Presidente del Land, Hendrik W\u00fcst, ha ricevuto il Corpo Consolare del Land Nordreno-Vestfalia nella scuola di equitazione a Warendorf (Westfalia)\">RICEVIMENTO D&#8217;ESTATE PER IL CORPO CONSOLARE DEL NORDRENO-VESTFALIA &#8211; Il Ministro Presidente del Land, Hendrik W\u00fcst, ha ricevuto il Corpo Consolare del Land Nordreno-Vestfalia nella scuola di equitazione a Warendorf (Westfalia)<\/a><\/h5>\n                            <p class=\"card-text\">Mercoled\u00ec, 22 luglio 2026 &#8211; Nella splendida cornice della Scuola di equitazione (Landgest\u00fct) di Warendorf in Westfalia, il Ministro Presidente Hendrik W\u00fcst ha ospitato il tradizionale ricevimento d&#8217;estate per il Corpo consolare del NRW. Il Console Generale Cipolletti vi ha preso parte, ricordando, nel suo discorso in qualit\u00e0 di Decano, la spiccata proiezione internazionale del [&hellip;]<\/p>\n                                <a title=\"RICEVIMENTO D&#8217;ESTATE PER IL CORPO CONSOLARE DEL NORDRENO-VESTFALIA &#8211; Il Ministro Presidente del Land, Hendrik W\u00fcst, ha ricevuto il Corpo Consolare del Land Nordreno-Vestfalia nella scuola di equitazione a Warendorf (Westfalia)\" class=\"read-more\" href=\"https:\/\/conscolonia.esteri.it\/it\/news\/dal_consolato\/2026\/07\/ricevimento-destate-per-il-corpo-consolare-del-nordreno-vestfalia-il-ministro-presidente-del-land-hendrik-wust-ha-ricevuto-il-corpo-consolare-del-land-nordreno-vestfalia\/\">\n                                    <span class=\"text\">Leggi di pi\u00f9<\/span>\n                                    <svg class=\"icon\">\n                                    <use xlink:href=\"https:\/\/conscolonia.esteri.it\/wp-content\/themes\/sedi-tema\/assets\/svg\/sprites.svg#it-arrow-right\"><\/use>\n                                    <\/svg>\n                                <\/a>\n                                                    <\/div>\n                    <\/div>\n                <\/div>\n                <!--end card-->\n                <\/div><!-- col-12 .mt-3-->\n                            <div class=\"col-12 mt-3\">\n                <!--start card-->\n                <div class=\"card-wrapper card-space\">\n                    <div class=\"card card-bg card-big border-bottom-card\">\n                        <div class=\"card-body \">\n                                                        <div class=\"category-top\">\n                                                                                                            <span class=\"\">\n                                        <svg class=\"icon icon-secondary\">\n                                            <use xlink:href=\"https:\/\/conscolonia.esteri.it\/wp-content\/themes\/sedi-tema\/assets\/svg\/sprites.svg#it-calendar\"><\/use>\n                                        <\/svg> 10 Luglio 2026                                    <\/span>\n                                                                    <\/div>\n                            <h5 class=\"card-title big-heading text-uppercase\"><a class=\"text-body text-decoration-none\" href=\"https:\/\/conscolonia.esteri.it\/it\/news\/dal_consolato\/2026\/07\/cessazione-della-validita-della-carta-didentita-cartacea-per-lespatrio-dal-3-agosto\/\" title=\"Cessazione della validit\u00e0 della carta d\u2019identit\u00e0 cartacea per l\u2019espatrio dal 3 agosto\">Cessazione della validit\u00e0 della carta d\u2019identit\u00e0 cartacea per l\u2019espatrio dal 3 agosto<\/a><\/h5>\n                            <p class=\"card-text\">A partire dal 3 agosto 2026 la versione cartacea della carta di identit\u00e0 cesser\u00e0 di essere valida per l\u2019espatrio, indipendentemente dalla data di scadenza riportata sul retro. Il DL 26\/06\/2026 n.108 ha introdotto alcune modifiche importanti: La Carta d\u2019Identit\u00e0 Cartacea non scaduta pu\u00f2 essere utilizzata come strumento identificativo nei rapporti con la Pubblica Amministrazione italiana [&hellip;]<\/p>\n                                <a title=\"Cessazione della validit\u00e0 della carta d\u2019identit\u00e0 cartacea per l\u2019espatrio dal 3 agosto\" class=\"read-more\" href=\"https:\/\/conscolonia.esteri.it\/it\/news\/dal_consolato\/2026\/07\/cessazione-della-validita-della-carta-didentita-cartacea-per-lespatrio-dal-3-agosto\/\">\n                                    <span class=\"text\">Leggi di pi\u00f9<\/span>\n                                    <svg class=\"icon\">\n                                    <use xlink:href=\"https:\/\/conscolonia.esteri.it\/wp-content\/themes\/sedi-tema\/assets\/svg\/sprites.svg#it-arrow-right\"><\/use>\n                                    <\/svg>\n                                <\/a>\n                                                    <\/div>\n                    <\/div>\n                <\/div>\n                <!--end card-->\n                <\/div><!-- col-12 .mt-3-->\n                            <div class=\"col-12 mt-3\">\n                <!--start card-->\n                <div class=\"card-wrapper card-space\">\n                    <div class=\"card card-bg card-big border-bottom-card\">\n                        <div class=\"card-body \">\n                                                        <div class=\"category-top\">\n                                                                                                            <span class=\"\">\n                                        <svg class=\"icon icon-secondary\">\n                                            <use xlink:href=\"https:\/\/conscolonia.esteri.it\/wp-content\/themes\/sedi-tema\/assets\/svg\/sprites.svg#it-calendar\"><\/use>\n                                        <\/svg> 18 Giugno 2026                                    <\/span>\n                                                                    <\/div>\n                            <h5 class=\"card-title big-heading text-uppercase\"><a class=\"text-body text-decoration-none\" href=\"https:\/\/conscolonia.esteri.it\/it\/news\/dal_consolato\/2026\/06\/visita-di-cortesia-incontro-con-il-presidente-del-landtag-andre-kuper\/\" title=\"VISITA DI CORTESIA &#8211; Incontro con il Presidente del Landtag Andr\u00e9 Kuper\">VISITA DI CORTESIA &#8211; Incontro con il Presidente del Landtag Andr\u00e9 Kuper<\/a><\/h5>\n                            <p class=\"card-text\">Mercoled\u00ec, 17 giugno 2026 &#8211; Il Console Generale d&#8217;Italia a Colonia Massimo Cipolletti si \u00e8 recato per una visita di cortesia a D\u00fcsseldorf per presentarsi al Presidente del Landtag Andr\u00e9 Kuper. Nell&#8217;arco del colloquio il Presidente Andr\u00e9 Kuper ha sottolineato: \u00abL\u2019Italia ed il Nordreno-Vestfalia\u00a0 sono legati da molto pi\u00f9 di una stretta collaborazione politica ed [&hellip;]<\/p>\n                                <a title=\"VISITA DI CORTESIA &#8211; Incontro con il Presidente del Landtag Andr\u00e9 Kuper\" class=\"read-more\" href=\"https:\/\/conscolonia.esteri.it\/it\/news\/dal_consolato\/2026\/06\/visita-di-cortesia-incontro-con-il-presidente-del-landtag-andre-kuper\/\">\n                                    <span class=\"text\">Leggi di pi\u00f9<\/span>\n                                    <svg class=\"icon\">\n                                    <use xlink:href=\"https:\/\/conscolonia.esteri.it\/wp-content\/themes\/sedi-tema\/assets\/svg\/sprites.svg#it-arrow-right\"><\/use>\n                                    <\/svg>\n                                <\/a>\n                                                    <\/div>\n                    <\/div>\n                <\/div>\n                <!--end card-->\n                <\/div><!-- col-12 .mt-3-->\n                            <div class=\"col-12 mt-3\">\n                <!--start card-->\n                <div class=\"card-wrapper card-space\">\n                    <div class=\"card card-bg card-big border-bottom-card\">\n                        <div class=\"card-body \">\n                                                        <div class=\"category-top\">\n                                                                                                            <span class=\"\">\n                                        <svg class=\"icon icon-secondary\">\n                                            <use xlink:href=\"https:\/\/conscolonia.esteri.it\/wp-content\/themes\/sedi-tema\/assets\/svg\/sprites.svg#it-calendar\"><\/use>\n                                        <\/svg> 8 Giugno 2026                                    <\/span>\n                                                                    <\/div>\n                            <h5 class=\"card-title big-heading text-uppercase\"><a class=\"text-body text-decoration-none\" href=\"https:\/\/conscolonia.esteri.it\/it\/news\/dal_consolato\/2026\/06\/conferenza-dei-consoli-ditalia-nel-mondo-roma-12-13-giugno-2026\/\" title=\"CONFERENZA DEI CONSOLI D&#8217;ITALIA NEL MONDO &#8211; Roma, 12-13 giugno 2026\">CONFERENZA DEI CONSOLI D&#8217;ITALIA NEL MONDO &#8211; Roma, 12-13 giugno 2026<\/a><\/h5>\n                            <p class=\"card-text\">Hai una domanda per i Consoli italiani? Alla Conferenza dei Consoli d\u2019Italia nel mondo (12-13 giugno 2026), daremo voce alla comunit\u00e0 italiana all&#8217;estero! Scrivi a consoli2026@esteri.it inviando le tue domande o esigenze: Quali servizi ritieni prioritari? Cosa miglioreresti? Quali domande vuoi far arrivare ai Consoli d\u2019Italia? Risponderemo a tutte le vostre domande. Alcuni contributi selezionati [&hellip;]<\/p>\n                                <a title=\"CONFERENZA DEI CONSOLI D&#8217;ITALIA NEL MONDO &#8211; Roma, 12-13 giugno 2026\" class=\"read-more\" href=\"https:\/\/conscolonia.esteri.it\/it\/news\/dal_consolato\/2026\/06\/conferenza-dei-consoli-ditalia-nel-mondo-roma-12-13-giugno-2026\/\">\n                                    <span class=\"text\">Leggi di pi\u00f9<\/span>\n                                    <svg class=\"icon\">\n                                    <use xlink:href=\"https:\/\/conscolonia.esteri.it\/wp-content\/themes\/sedi-tema\/assets\/svg\/sprites.svg#it-arrow-right\"><\/use>\n                                    <\/svg>\n                                <\/a>\n                                                    <\/div>\n                    <\/div>\n                <\/div>\n                <!--end card-->\n                <\/div><!-- col-12 .mt-3-->\n                            <div class=\"col-12 mt-3\">\n                <!--start card-->\n                <div class=\"card-wrapper card-space\">\n                    <div class=\"card card-bg card-big border-bottom-card\">\n                        <div class=\"card-body \">\n                                                        <div class=\"category-top\">\n                                                                                                            <span class=\"\">\n                                        <svg class=\"icon icon-secondary\">\n                                            <use xlink:href=\"https:\/\/conscolonia.esteri.it\/wp-content\/themes\/sedi-tema\/assets\/svg\/sprites.svg#it-calendar\"><\/use>\n                                        <\/svg> 27 Maggio 2026                                    <\/span>\n                                                                    <\/div>\n                            <h5 class=\"card-title big-heading text-uppercase\"><a class=\"text-body text-decoration-none\" href=\"https:\/\/conscolonia.esteri.it\/it\/news\/dal_consolato\/2026\/05\/visita-di-cortesia-il-ministro-presidente-hendrik-wust-ha-ricevuto-il-decano-del-corpo-consolare-nordreno-vestfalia-massimo-cipolletti\/\" title=\"VISITA DI CORTESIA &#8211; Il Presidente del Land Hendrik W\u00fcst ha ricevuto il Decano del Corpo Consolare Nordreno-Vestfalia Massimo Cipolletti\">VISITA DI CORTESIA &#8211; Il Presidente del Land Hendrik W\u00fcst ha ricevuto il Decano del Corpo Consolare Nordreno-Vestfalia Massimo Cipolletti<\/a><\/h5>\n                            <p class=\"card-text\">Marted\u00ec, 26 maggio 2026 &#8211; Il Presidente del Land Hendrik W\u00fcst ha ricevuto oggi il nuovo Decano del Corpo Consolare Nordreno-Vestfalia e Console Generale d&#8217;Italia a Colonia, Massimo Cipolletti, e ha ribadito: \u00abLo stretto e fiducioso scambio con il Corpo Consolare \u00e8 di grande importanza per #NRW e simbolo per la nostra attitudine cosmopolita.\u00bb<\/p>\n                                <a title=\"VISITA DI CORTESIA &#8211; Il Presidente del Land Hendrik W\u00fcst ha ricevuto il Decano del Corpo Consolare Nordreno-Vestfalia Massimo Cipolletti\" class=\"read-more\" href=\"https:\/\/conscolonia.esteri.it\/it\/news\/dal_consolato\/2026\/05\/visita-di-cortesia-il-ministro-presidente-hendrik-wust-ha-ricevuto-il-decano-del-corpo-consolare-nordreno-vestfalia-massimo-cipolletti\/\">\n                                    <span class=\"text\">Leggi di pi\u00f9<\/span>\n                                    <svg class=\"icon\">\n                                    <use xlink:href=\"https:\/\/conscolonia.esteri.it\/wp-content\/themes\/sedi-tema\/assets\/svg\/sprites.svg#it-arrow-right\"><\/use>\n                                    <\/svg>\n                                <\/a>\n                                                    <\/div>\n                    <\/div>\n                <\/div>\n                <!--end card-->\n                <\/div><!-- col-12 .mt-3-->\n                            <div class=\"col-12 mt-3\">\n                <!--start card-->\n                <div class=\"card-wrapper card-space\">\n                    <div class=\"card card-bg card-big border-bottom-card\">\n                        <div class=\"card-body \">\n                                                        <div class=\"category-top\">\n                                                                                                            <span class=\"\">\n                                        <svg class=\"icon icon-secondary\">\n                                            <use xlink:href=\"https:\/\/conscolonia.esteri.it\/wp-content\/themes\/sedi-tema\/assets\/svg\/sprites.svg#it-calendar\"><\/use>\n                                        <\/svg> 26 Maggio 2026                                    <\/span>\n                                                                    <\/div>\n                            <h5 class=\"card-title big-heading text-uppercase\"><a class=\"text-body text-decoration-none\" href=\"https:\/\/conscolonia.esteri.it\/it\/news\/dal_consolato\/2026\/05\/avviso-di-assunzione-1-impiegato-a-contratto-temporaneo-da-adibire-ai-servizi-di-autista-commesso-centralinista-scadenza-per-la-domanda-12-06-2026\/\" title=\"AVVISO DI ASSUNZIONE &#8211; 1 impiegato a contratto temporaneo da adibire ai servizi di autista-commesso-centralinista (scadenza per la domanda: 12.06.2026)\">AVVISO DI ASSUNZIONE &#8211; 1 impiegato a contratto temporaneo da adibire ai servizi di autista-commesso-centralinista (scadenza per la domanda: 12.06.2026)<\/a><\/h5>\n                            <p class=\"card-text\">L\u2019Ambasciata d\u2019Italia a Berlino ha indetto una procedura di selezione per l\u2019assunzione di n. 1 impiegato a contratto temporaneo\u00a0da adibire ai servizi di autista-commesso-centralinista (scadenza della domanda: 12.06.2026). Scarica\u00a0qui\u00a0le modalit\u00e0 di candidatura<\/p>\n                                <a title=\"AVVISO DI ASSUNZIONE &#8211; 1 impiegato a contratto temporaneo da adibire ai servizi di autista-commesso-centralinista (scadenza per la domanda: 12.06.2026)\" class=\"read-more\" href=\"https:\/\/conscolonia.esteri.it\/it\/news\/dal_consolato\/2026\/05\/avviso-di-assunzione-1-impiegato-a-contratto-temporaneo-da-adibire-ai-servizi-di-autista-commesso-centralinista-scadenza-per-la-domanda-12-06-2026\/\">\n                                    <span class=\"text\">Leggi di pi\u00f9<\/span>\n                                    <svg class=\"icon\">\n                                    <use xlink:href=\"https:\/\/conscolonia.esteri.it\/wp-content\/themes\/sedi-tema\/assets\/svg\/sprites.svg#it-arrow-right\"><\/use>\n                                    <\/svg>\n                                <\/a>\n                                                    <\/div>\n                    <\/div>\n                <\/div>\n                <!--end card-->\n                <\/div><!-- col-12 .mt-3-->\n            \n            <div class=\"col-md-12 mt-4 pb-4\">\n                <nav class=\"navigation col-md-12\" aria-label=\"Navigation\">\n                    <h2 class=\"screen-reader-text visually-hidden\">Paginazione<\/h2>\n                    <div class=\"nav-links\">\n                    <span aria-current=\"page\" class=\"page-numbers current\">1<\/span>\n<a class=\"page-numbers\" href=\"https:\/\/conscolonia.esteri.it\/it\/wp-json\/wp\/v2\/pages\/51\/?pag=2\">2<\/a>\n<a class=\"page-numbers\" href=\"https:\/\/conscolonia.esteri.it\/it\/wp-json\/wp\/v2\/pages\/51\/?pag=3\">3<\/a>\n<span class=\"page-numbers dots\">&hellip;<\/span>\n<a class=\"page-numbers\" href=\"https:\/\/conscolonia.esteri.it\/it\/wp-json\/wp\/v2\/pages\/51\/?pag=56\">56<\/a>\n<a class=\"next page-numbers\" href=\"https:\/\/conscolonia.esteri.it\/it\/wp-json\/wp\/v2\/pages\/51\/?pag=2\"><svg class=\"icon icon-primary\"><use xlink:href=\"https:\/\/conscolonia.esteri.it\/wp-content\/themes\/sedi-tema\/assets\/svg\/sprites.svg#it-chevron-right\"><\/use><\/svg>\n                                    <span class=\"visually-hidden\">Pagina successiva<\/span><\/a>                    <\/div>\n                <\/nav>\n            <\/div>   <!--.col-md-12 -->\n              <\/div><!--.row -->\n              \n","protected":false},"excerpt":{"rendered":"","protected":false},"author":3,"featured_media":0,"parent":18,"menu_order":0,"comment_status":"closed","ping_status":"closed","template":"","meta":{"footnotes":""},"class_list":["post-51","page","type-page","status-publish","hentry"],"_links":{"self":[{"href":"https:\/\/conscolonia.esteri.it\/it\/wp-json\/wp\/v2\/pages\/51","targetHints":{"allow":["GET"]}}],"collection":[{"href":"https:\/\/conscolonia.esteri.it\/it\/wp-json\/wp\/v2\/pages"}],"about":[{"href":"https:\/\/conscolonia.esteri.it\/it\/wp-json\/wp\/v2\/types\/page"}],"author":[{"embeddable":true,"href":"https:\/\/conscolonia.esteri.it\/it\/wp-json\/wp\/v2\/users\/3"}],"replies":[{"embeddable":true,"href":"https:\/\/conscolonia.esteri.it\/it\/wp-json\/wp\/v2\/comments?post=51"}],"version-history":[{"count":0,"href":"https:\/\/conscolonia.esteri.it\/it\/wp-json\/wp\/v2\/pages\/51\/revisions"}],"up":[{"embeddable":true,"href":"https:\/\/conscolonia.esteri.it\/it\/wp-json\/wp\/v2\/pages\/18"}],"wp:attachment":[{"href":"https:\/\/conscolonia.esteri.it\/it\/wp-json\/wp\/v2\/media?parent=51"}],"curies":[{"name":"wp","href":"https:\/\/api.w.org\/{rel}","templated":true}]}}